{"id":84,"date":"2025-10-24T16:43:10","date_gmt":"2025-10-24T14:43:10","guid":{"rendered":"https:\/\/digibird.fr\/politique-de-confidentialite-et-mentions-legales\/"},"modified":"2025-10-29T16:37:56","modified_gmt":"2025-10-29T15:37:56","slug":"politique-de-confidentialite-et-mentions-legales","status":"publish","type":"page","link":"https:\/\/beta4.remiclavel.fr\/fr\/politique-de-confidentialite-et-mentions-legales\/","title":{"rendered":"Politique de confidentialit\u00e9 et mentions l\u00e9gales"},"content":{"rendered":"\t\t<div data-elementor-type=\"wp-page\" data-elementor-id=\"84\" class=\"elementor elementor-84 elementor-35\" data-elementor-post-type=\"page\">\n\t\t\t\t<div class=\"elementor-element elementor-element-52244d7 e-flex e-con-boxed e-con e-parent\" data-id=\"52244d7\" data-element_type=\"container\" data-e-type=\"container\">\n\t\t\t\t\t<div class=\"e-con-inner\">\n\t\t\t\t<div class=\"elementor-element elementor-element-703bd58 elementor-widget__width-inherit elementor-widget elementor-widget-heading\" data-id=\"703bd58\" data-element_type=\"widget\" data-e-type=\"widget\" data-widget_type=\"heading.default\">\n\t\t\t\t\t<h1 class=\"elementor-heading-title elementor-size-default\">Vie priv\u00e9e et politique, mentions l\u00e9gales<\/h1>\t\t\t\t<\/div>\n\t\t\t\t<div class=\"elementor-element elementor-element-34624e2 elementor-widget__width-inherit elementor-widget elementor-widget-text-editor\" data-id=\"34624e2\" data-element_type=\"widget\" data-e-type=\"widget\" data-widget_type=\"text-editor.default\">\n\t\t\t\t\t\t\t\t\t<p><strong>SAINT BARTH LIFESTYLE<\/strong> (ci-apr\u00e8s d\u00e9nomm\u00e9 \u00ab\u00a0Nous\u00a0\u00bb) respecte votre vie priv\u00e9e et accorde une grande importance \u00e0 la protection de vos donn\u00e9es personnelles, y compris votre nom, votre date de naissance, votre adresse postale, votre adresse \u00e9lectronique, votre num\u00e9ro de t\u00e9l\u00e9phone, etc.<\/p><p>Le pr\u00e9sent avis de protection des donn\u00e9es r\u00e9git la collecte, le traitement et l&rsquo;utilisation de vos donn\u00e9es \u00e0 caract\u00e8re personnel lorsque celles-ci sont recueillies dans le cadre de votre utilisation de nos sites web. Nous traitons ces donn\u00e9es dans le respect total des lois en vigueur sur la protection des donn\u00e9es et des principes suivants. <\/p>\t\t\t\t\t\t\t\t<\/div>\n\t\t\t\t<div class=\"elementor-element elementor-element-1de32cb elementor-widget__width-inherit elementor-widget elementor-widget-heading\" data-id=\"1de32cb\" data-element_type=\"widget\" data-e-type=\"widget\" data-widget_type=\"heading.default\">\n\t\t\t\t\t<h2 class=\"elementor-heading-title elementor-size-default\">\u00c9VITEMENT ET MINIMISATION DES DONN\u00c9ES<\/h2>\t\t\t\t<\/div>\n\t\t\t\t<div class=\"elementor-element elementor-element-b9e5d72 elementor-widget__width-inherit elementor-widget elementor-widget-text-editor\" data-id=\"b9e5d72\" data-element_type=\"widget\" data-e-type=\"widget\" data-widget_type=\"text-editor.default\">\n\t\t\t\t\t\t\t\t\t<p>Nous adh\u00e9rons aux principes d&rsquo;\u00e9vitement et de minimisation des donn\u00e9es, en ne collectant, ne traitant et n&rsquo;utilisant que le minimum de donn\u00e9es personnelles n\u00e9cessaires.<\/p>\t\t\t\t\t\t\t\t<\/div>\n\t\t\t\t<div class=\"elementor-element elementor-element-8fc0b19 elementor-widget__width-inherit elementor-widget elementor-widget-heading\" data-id=\"8fc0b19\" data-element_type=\"widget\" data-e-type=\"widget\" data-widget_type=\"heading.default\">\n\t\t\t\t\t<h2 class=\"elementor-heading-title elementor-size-default\">DONN\u00c9ES PERSONNELLES ET CONSENTEMENT<\/h2>\t\t\t\t<\/div>\n\t\t\t\t<div class=\"elementor-element elementor-element-7c73a81 elementor-widget__width-inherit elementor-widget elementor-widget-text-editor\" data-id=\"7c73a81\" data-element_type=\"widget\" data-e-type=\"widget\" data-widget_type=\"text-editor.default\">\n\t\t\t\t\t\t\t\t\t<p>Nous ne collecterons, ne traiterons et n&rsquo;utiliserons vos donn\u00e9es \u00e0 caract\u00e8re personnel que dans la mesure o\u00f9 cela est n\u00e9cessaire pour initier, soutenir ou conclure une relation contractuelle ou une relation client similaire. Dans tous les autres cas, nous ne collecterons, traiterons et utiliserons vos donn\u00e9es qu&rsquo;avec votre consentement pr\u00e9alable. Par exemple, nous ne vous informerons sur nos produits et services que si vous avez consenti \u00e0 recevoir de telles communications. Vous pouvez r\u00e9voquer votre consentement \u00e0 tout moment. Pour supprimer vos donn\u00e9es, veuillez envoyer une demande \u00e0 l&rsquo;adresse suivante <a href=\"https:\/\/www.saintbarthlifestyle.com\/privacy-policy#\"><strong>lilian@saintbarthlifestyle.com<\/strong><\/a>.    <\/p>\t\t\t\t\t\t\t\t<\/div>\n\t\t\t\t<div class=\"elementor-element elementor-element-fd22e21 elementor-widget__width-inherit elementor-widget elementor-widget-heading\" data-id=\"fd22e21\" data-element_type=\"widget\" data-e-type=\"widget\" data-widget_type=\"heading.default\">\n\t\t\t\t\t<h2 class=\"elementor-heading-title elementor-size-default\">DONN\u00c9ES G\u00c9N\u00c9R\u00c9ES AUTOMATIQUEMENT<\/h2>\t\t\t\t<\/div>\n\t\t\t\t<div class=\"elementor-element elementor-element-0f4ad91 elementor-widget__width-inherit elementor-widget elementor-widget-text-editor\" data-id=\"0f4ad91\" data-element_type=\"widget\" data-e-type=\"widget\" data-widget_type=\"text-editor.default\">\n\t\t\t\t\t\t\t\t\t<div class=\"rich-text-block w-richtext\"><p>Lors de vos visites sur notre site web, certaines donn\u00e9es peuvent \u00eatre trait\u00e9es automatiquement, telles que le nom de votre fournisseur d&rsquo;acc\u00e8s \u00e0 Internet, votre adresse IP, le navigateur et le syst\u00e8me d&rsquo;exploitation que vous utilisez, les pages visit\u00e9es sur notre site et le site \u00e0 partir duquel vous avez acc\u00e9d\u00e9 au n\u00f4tre. Dans tous ces cas, le traitement des donn\u00e9es se fait automatiquement, ce qui garantit qu&rsquo;aucune personne ne peut \u00eatre identifi\u00e9e \u00e0 partir de ces informations. <\/p><\/div>\t\t\t\t\t\t\t\t<\/div>\n\t\t\t\t<div class=\"elementor-element elementor-element-49e0c57 elementor-widget__width-inherit elementor-widget elementor-widget-heading\" data-id=\"49e0c57\" data-element_type=\"widget\" data-e-type=\"widget\" data-widget_type=\"heading.default\">\n\t\t\t\t\t<h2 class=\"elementor-heading-title elementor-size-default\">UTILISATION DE COOKIES<\/h2>\t\t\t\t<\/div>\n\t\t\t\t<div class=\"elementor-element elementor-element-6aa9785 elementor-widget__width-inherit elementor-widget elementor-widget-text-editor\" data-id=\"6aa9785\" data-element_type=\"widget\" data-e-type=\"widget\" data-widget_type=\"text-editor.default\">\n\t\t\t\t\t\t\t\t\t<div class=\"rich-text-block w-richtext\"><p>Un cookie est un petit fichier de donn\u00e9es que certains sites web stockent sur votre appareil lors de vos visites. Les cookies ne peuvent acc\u00e9der qu&rsquo;aux informations personnelles que vous fournissez, et ils n&rsquo;acc\u00e8dent pas aux donn\u00e9es de votre appareil ou aux cookies d&rsquo;autres sites. Nous utilisons des cookies pour am\u00e9liorer les performances du site web, fournir une v\u00e9rification d&rsquo;identit\u00e9 s\u00e9curis\u00e9e et personnaliser votre exp\u00e9rience. Ce site web utilise des cookies pour suivre les interactions des visiteurs afin d&rsquo;am\u00e9liorer l&rsquo;exp\u00e9rience de l&rsquo;utilisateur. Toutes les donn\u00e9es collect\u00e9es sur les utilisateurs sont anonymes. Vous pouvez g\u00e9rer les param\u00e8tres des cookies par l&rsquo;interm\u00e9diaire de votre navigateur, qui peut vous avertir lorsque vous recevez un cookie et vous permettre de l&rsquo;accepter ou de le refuser. Pour plus d&rsquo;informations, reportez-vous \u00e0 la documentation d&rsquo;aide de votre navigateur.      <\/p><\/div>\t\t\t\t\t\t\t\t<\/div>\n\t\t\t\t<div class=\"elementor-element elementor-element-d9d627f elementor-widget__width-inherit elementor-widget elementor-widget-heading\" data-id=\"d9d627f\" data-element_type=\"widget\" data-e-type=\"widget\" data-widget_type=\"heading.default\">\n\t\t\t\t\t<h2 class=\"elementor-heading-title elementor-size-default\">L'ACC\u00c8S DE TIERS \u00c0 VOS DONN\u00c9ES PERSONNELLES\n<\/h2>\t\t\t\t<\/div>\n\t\t\t\t<div class=\"elementor-element elementor-element-4fa287f elementor-widget__width-inherit elementor-widget elementor-widget-text-editor\" data-id=\"4fa287f\" data-element_type=\"widget\" data-e-type=\"widget\" data-widget_type=\"text-editor.default\">\n\t\t\t\t\t\t\t\t\t<div class=\"rich-text-block w-richtext\"><p>La collecte, le traitement et l&rsquo;utilisation des donn\u00e9es \u00e0 caract\u00e8re personnel sont effectu\u00e9s par nous et, le cas \u00e9ch\u00e9ant, par des prestataires de services autoris\u00e9s qui respectent les lois en vigueur en mati\u00e8re de protection des donn\u00e9es et la pr\u00e9sente note d&rsquo;information sur la protection des donn\u00e9es. Lorsque cela est n\u00e9cessaire (par exemple, pour le soutien promotionnel ou la participation \u00e0 des concours), nous pouvons faire appel \u00e0 des prestataires de services tiers. Sauf dans ces cas, aucun tiers n&rsquo;aura acc\u00e8s \u00e0 vos donn\u00e9es. Nous ne vendrons ni n&rsquo;utiliserons vos donn\u00e9es \u00e0 mauvais escient et ne les partagerons avec les autorit\u00e9s gouvernementales qu&rsquo;en cas d&rsquo;obligation l\u00e9gale.   <\/p><\/div>\t\t\t\t\t\t\t\t<\/div>\n\t\t\t\t<div class=\"elementor-element elementor-element-84d7782 elementor-widget__width-inherit elementor-widget elementor-widget-heading\" data-id=\"84d7782\" data-element_type=\"widget\" data-e-type=\"widget\" data-widget_type=\"heading.default\">\n\t\t\t\t\t<h2 class=\"elementor-heading-title elementor-size-default\">S\u00c9CURIT\u00c9<\/h2>\t\t\t\t<\/div>\n\t\t\t\t<div class=\"elementor-element elementor-element-e4adb65 elementor-widget__width-inherit elementor-widget elementor-widget-text-editor\" data-id=\"e4adb65\" data-element_type=\"widget\" data-e-type=\"widget\" data-widget_type=\"text-editor.default\">\n\t\t\t\t\t\t\t\t\t<p>Nous avons mis en \u0153uvre des mesures techniques et organisationnelles pour prot\u00e9ger vos donn\u00e9es contre la perte, l&rsquo;alt\u00e9ration, le vol ou l&rsquo;acc\u00e8s non autoris\u00e9.<\/p>\t\t\t\t\t\t\t\t<\/div>\n\t\t\t\t<div class=\"elementor-element elementor-element-62c0a80 elementor-widget__width-inherit elementor-widget elementor-widget-heading\" data-id=\"62c0a80\" data-element_type=\"widget\" data-e-type=\"widget\" data-widget_type=\"heading.default\">\n\t\t\t\t\t<h2 class=\"elementor-heading-title elementor-size-default\">ENFANTS<\/h2>\t\t\t\t<\/div>\n\t\t\t\t<div class=\"elementor-element elementor-element-16aa2f2 elementor-widget__width-inherit elementor-widget elementor-widget-text-editor\" data-id=\"16aa2f2\" data-element_type=\"widget\" data-e-type=\"widget\" data-widget_type=\"text-editor.default\">\n\t\t\t\t\t\t\t\t\t<div class=\"rich-text-block w-richtext\"><p>Nous n&rsquo;avons pas l&rsquo;intention de collecter des donn\u00e9es personnelles concernant des personnes de moins de 15 ans. Si nous prenons connaissance d&rsquo;une telle collecte de donn\u00e9es sans le consentement des parents ou des tuteurs l\u00e9gaux, ces donn\u00e9es seront imm\u00e9diatement supprim\u00e9es. Nous encourageons les parents ou les tuteurs \u00e0 nous en informer.  <\/p><\/div>\t\t\t\t\t\t\t\t<\/div>\n\t\t\t\t<div class=\"elementor-element elementor-element-9afdd9d elementor-widget__width-inherit elementor-widget elementor-widget-heading\" data-id=\"9afdd9d\" data-element_type=\"widget\" data-e-type=\"widget\" data-widget_type=\"heading.default\">\n\t\t\t\t\t<h2 class=\"elementor-heading-title elementor-size-default\">SUPPRESSION ET BLOCAGE\n<\/h2>\t\t\t\t<\/div>\n\t\t\t\t<div class=\"elementor-element elementor-element-1fb8a12 elementor-widget__width-inherit elementor-widget elementor-widget-text-editor\" data-id=\"1fb8a12\" data-element_type=\"widget\" data-e-type=\"widget\" data-widget_type=\"text-editor.default\">\n\t\t\t\t\t\t\t\t\t<div class=\"rich-text-block w-richtext\"><p>Nous effacerons vos donn\u00e9es personnelles lorsque la finalit\u00e9 associ\u00e9e n&rsquo;est plus applicable ou lorsque les lois sur la protection des donn\u00e9es l&rsquo;exigent. Par exemple, les donn\u00e9es collect\u00e9es dans le cadre d&rsquo;un concours seront effac\u00e9es si le consentement n&rsquo;est pas donn\u00e9 pour une utilisation ult\u00e9rieure. Sur demande, nous bloquerons vos donn\u00e9es en tout ou en partie, comme sp\u00e9cifi\u00e9. Dans la mesure o\u00f9 cela est techniquement possible, nous pouvons \u00e9galement exclure vos donn\u00e9es du traitement ou de l&rsquo;utilisation \u00e0 des fins sp\u00e9cifiques.   <\/p><\/div>\t\t\t\t\t\t\t\t<\/div>\n\t\t\t\t<div class=\"elementor-element elementor-element-2b4d9fe elementor-widget__width-inherit elementor-widget elementor-widget-heading\" data-id=\"2b4d9fe\" data-element_type=\"widget\" data-e-type=\"widget\" data-widget_type=\"heading.default\">\n\t\t\t\t\t<h2 class=\"elementor-heading-title elementor-size-default\">HYPERLINKS<\/h2>\t\t\t\t<\/div>\n\t\t\t\t<div class=\"elementor-element elementor-element-66dd23c elementor-widget__width-inherit elementor-widget elementor-widget-text-editor\" data-id=\"66dd23c\" data-element_type=\"widget\" data-e-type=\"widget\" data-widget_type=\"text-editor.default\">\n\t\t\t\t\t\t\t\t\t<div class=\"rich-text-block w-richtext\"><div class=\"rich-text-block w-richtext\"><p>Notre site web peut contenir des hyperliens vers d&rsquo;autres sites web. Le pr\u00e9sent avis de protection des donn\u00e9es ne s&rsquo;applique pas \u00e0 ces sites li\u00e9s, o\u00f9 leurs propres politiques de protection des donn\u00e9es sont en vigueur. <\/p><\/div><\/div>\t\t\t\t\t\t\t\t<\/div>\n\t\t\t\t<div class=\"elementor-element elementor-element-48af86b elementor-widget__width-inherit elementor-widget elementor-widget-heading\" data-id=\"48af86b\" data-element_type=\"widget\" data-e-type=\"widget\" data-widget_type=\"heading.default\">\n\t\t\t\t\t<h2 class=\"elementor-heading-title elementor-size-default\">MODIFICATIONS DU PR\u00c9SENT AVIS DE PROTECTION DES DONN\u00c9ES<\/h2>\t\t\t\t<\/div>\n\t\t\t\t<div class=\"elementor-element elementor-element-38eebb4 elementor-widget__width-inherit elementor-widget elementor-widget-text-editor\" data-id=\"38eebb4\" data-element_type=\"widget\" data-e-type=\"widget\" data-widget_type=\"text-editor.default\">\n\t\t\t\t\t\t\t\t\t<div class=\"rich-text-block w-richtext\"><p>Nous pouvons mettre \u00e0 jour le pr\u00e9sent avis de protection des donn\u00e9es pour refl\u00e9ter des changements juridiques ou factuels. En utilisant notre site web, vous acceptez ces changements. <\/p><\/div>\t\t\t\t\t\t\t\t<\/div>\n\t\t\t\t<div class=\"elementor-element elementor-element-7d79d7e elementor-widget__width-inherit elementor-widget elementor-widget-heading\" data-id=\"7d79d7e\" data-element_type=\"widget\" data-e-type=\"widget\" data-widget_type=\"heading.default\">\n\t\t\t\t\t<h2 class=\"elementor-heading-title elementor-size-default\">CONTACT<\/h2>\t\t\t\t<\/div>\n\t\t\t\t<div class=\"elementor-element elementor-element-7f1fa7c elementor-widget__width-inherit elementor-widget elementor-widget-text-editor\" data-id=\"7f1fa7c\" data-element_type=\"widget\" data-e-type=\"widget\" data-widget_type=\"text-editor.default\">\n\t\t\t\t\t\t\t\t\t<div class=\"rich-text-block w-richtext\"><div class=\"section-privacy\"><div class=\"container-small\"><div class=\"rich-text-block w-richtext\"><p>Si vous avez des questions concernant la collecte, le traitement ou l&rsquo;utilisation de vos donn\u00e9es personnelles ou des questions g\u00e9n\u00e9rales concernant la protection des donn\u00e9es, veuillez nous contacter \u00e0 l&rsquo;adresse suivante <a href=\"https:\/\/www.saintbarthlifestyle.com\/privacy-policy#\"><strong>lilian@saintbarthlifestyle.com<\/strong><\/a>.<\/p><\/div><\/div><\/div><\/div>\t\t\t\t\t\t\t\t<\/div>\n\t\t\t\t\t<\/div>\n\t\t\t\t<\/div>\n\t\t\t\t<\/div>\n\t\t","protected":false},"excerpt":{"rendered":"<p>Vie priv\u00e9e et politique, mentions l\u00e9gales SAINT BARTH LIFESTYLE (ci-apr\u00e8s d\u00e9nomm\u00e9 \u00ab\u00a0Nous\u00a0\u00bb) respecte votre vie priv\u00e9e et accorde une grande importance \u00e0 la protection de vos donn\u00e9es personnelles, y compris votre nom, votre date de naissance, votre adresse postale, votre adresse \u00e9lectronique, votre num\u00e9ro de t\u00e9l\u00e9phone, etc. Le pr\u00e9sent avis de protection des donn\u00e9es r\u00e9git [&hellip;]<\/p>\n","protected":false},"author":1,"featured_media":0,"parent":0,"menu_order":0,"comment_status":"closed","ping_status":"closed","template":"","meta":{"iawp_total_views":0,"footnotes":""},"class_list":["post-84","page","type-page","status-publish","hentry"],"yoast_head":"<!-- This site is optimized with the Yoast SEO plugin v27.2 - https:\/\/yoast.com\/product\/yoast-seo-wordpress\/ -->\n<title>Politique de confidentialit\u00e9 et mentions l\u00e9gales - Saint Barth Lifestyle<\/title>\n<meta name=\"robots\" content=\"noindex, follow, max-snippet:-1, max-image-preview:large, max-video-preview:-1\" \/>\n<meta property=\"og:locale\" content=\"fr_FR\" \/>\n<meta property=\"og:type\" content=\"article\" \/>\n<meta property=\"og:title\" content=\"Politique de confidentialit\u00e9 et mentions l\u00e9gales - Saint Barth Lifestyle\" \/>\n<meta property=\"og:description\" content=\"Vie priv\u00e9e et politique, mentions l\u00e9gales SAINT BARTH LIFESTYLE (ci-apr\u00e8s d\u00e9nomm\u00e9 \u00ab\u00a0Nous\u00a0\u00bb) respecte votre vie priv\u00e9e et accorde une grande importance \u00e0 la protection de vos donn\u00e9es personnelles, y compris votre nom, votre date de naissance, votre adresse postale, votre adresse \u00e9lectronique, votre num\u00e9ro de t\u00e9l\u00e9phone, etc. Le pr\u00e9sent avis de protection des donn\u00e9es r\u00e9git [&hellip;]\" \/>\n<meta property=\"og:url\" content=\"https:\/\/beta4.remiclavel.fr\/fr\/politique-de-confidentialite-et-mentions-legales\/\" \/>\n<meta property=\"og:site_name\" content=\"Saint Barth Lifestyle\" \/>\n<meta property=\"article:modified_time\" content=\"2025-10-29T15:37:56+00:00\" \/>\n<meta name=\"twitter:card\" content=\"summary_large_image\" \/>\n<meta name=\"twitter:label1\" content=\"Dur\u00e9e de lecture estim\u00e9e\" \/>\n\t<meta name=\"twitter:data1\" content=\"5 minutes\" \/>\n<script type=\"application\/ld+json\" class=\"yoast-schema-graph\">{\"@context\":\"https:\/\/schema.org\",\"@graph\":[{\"@type\":\"WebPage\",\"@id\":\"https:\/\/beta4.remiclavel.fr\/fr\/politique-de-confidentialite-et-mentions-legales\/\",\"url\":\"https:\/\/beta4.remiclavel.fr\/fr\/politique-de-confidentialite-et-mentions-legales\/\",\"name\":\"Politique de confidentialit\u00e9 et mentions l\u00e9gales - Saint Barth Lifestyle\",\"isPartOf\":{\"@id\":\"https:\/\/beta4.remiclavel.fr\/#website\"},\"datePublished\":\"2025-10-24T14:43:10+00:00\",\"dateModified\":\"2025-10-29T15:37:56+00:00\",\"breadcrumb\":{\"@id\":\"https:\/\/beta4.remiclavel.fr\/fr\/politique-de-confidentialite-et-mentions-legales\/#breadcrumb\"},\"inLanguage\":\"fr-FR\",\"potentialAction\":[{\"@type\":\"ReadAction\",\"target\":[\"https:\/\/beta4.remiclavel.fr\/fr\/politique-de-confidentialite-et-mentions-legales\/\"]}]},{\"@type\":\"BreadcrumbList\",\"@id\":\"https:\/\/beta4.remiclavel.fr\/fr\/politique-de-confidentialite-et-mentions-legales\/#breadcrumb\",\"itemListElement\":[{\"@type\":\"ListItem\",\"position\":1,\"name\":\"Accueil\",\"item\":\"https:\/\/beta4.remiclavel.fr\/\"},{\"@type\":\"ListItem\",\"position\":2,\"name\":\"Politique de confidentialit\u00e9 et mentions l\u00e9gales\"}]},{\"@type\":\"WebSite\",\"@id\":\"https:\/\/beta4.remiclavel.fr\/#website\",\"url\":\"https:\/\/beta4.remiclavel.fr\/\",\"name\":\"Saint Barth Lifestyle\",\"description\":\"\",\"publisher\":{\"@id\":\"https:\/\/beta4.remiclavel.fr\/#organization\"},\"potentialAction\":[{\"@type\":\"SearchAction\",\"target\":{\"@type\":\"EntryPoint\",\"urlTemplate\":\"https:\/\/beta4.remiclavel.fr\/?s={search_term_string}\"},\"query-input\":{\"@type\":\"PropertyValueSpecification\",\"valueRequired\":true,\"valueName\":\"search_term_string\"}}],\"inLanguage\":\"fr-FR\"},{\"@type\":\"Organization\",\"@id\":\"https:\/\/beta4.remiclavel.fr\/#organization\",\"name\":\"Saint Barth Lifestyle\",\"url\":\"https:\/\/beta4.remiclavel.fr\/\",\"logo\":{\"@type\":\"ImageObject\",\"inLanguage\":\"fr-FR\",\"@id\":\"https:\/\/beta4.remiclavel.fr\/#\/schema\/logo\/image\/\",\"url\":\"https:\/\/beta4.remiclavel.fr\/wp-content\/uploads\/2025\/10\/logo-saint-barth-lifestyle.png\",\"contentUrl\":\"https:\/\/beta4.remiclavel.fr\/wp-content\/uploads\/2025\/10\/logo-saint-barth-lifestyle.png\",\"width\":800,\"height\":198,\"caption\":\"Saint Barth Lifestyle\"},\"image\":{\"@id\":\"https:\/\/beta4.remiclavel.fr\/#\/schema\/logo\/image\/\"}}]}<\/script>\n<!-- \/ Yoast SEO plugin. -->","yoast_head_json":{"title":"Politique de confidentialit\u00e9 et mentions l\u00e9gales - Saint Barth Lifestyle","robots":{"index":"noindex","follow":"follow","max-snippet":"max-snippet:-1","max-image-preview":"max-image-preview:large","max-video-preview":"max-video-preview:-1"},"og_locale":"fr_FR","og_type":"article","og_title":"Politique de confidentialit\u00e9 et mentions l\u00e9gales - Saint Barth Lifestyle","og_description":"Vie priv\u00e9e et politique, mentions l\u00e9gales SAINT BARTH LIFESTYLE (ci-apr\u00e8s d\u00e9nomm\u00e9 \u00ab\u00a0Nous\u00a0\u00bb) respecte votre vie priv\u00e9e et accorde une grande importance \u00e0 la protection de vos donn\u00e9es personnelles, y compris votre nom, votre date de naissance, votre adresse postale, votre adresse \u00e9lectronique, votre num\u00e9ro de t\u00e9l\u00e9phone, etc. Le pr\u00e9sent avis de protection des donn\u00e9es r\u00e9git [&hellip;]","og_url":"https:\/\/beta4.remiclavel.fr\/fr\/politique-de-confidentialite-et-mentions-legales\/","og_site_name":"Saint Barth Lifestyle","article_modified_time":"2025-10-29T15:37:56+00:00","twitter_card":"summary_large_image","twitter_misc":{"Dur\u00e9e de lecture estim\u00e9e":"5 minutes"},"schema":{"@context":"https:\/\/schema.org","@graph":[{"@type":"WebPage","@id":"https:\/\/beta4.remiclavel.fr\/fr\/politique-de-confidentialite-et-mentions-legales\/","url":"https:\/\/beta4.remiclavel.fr\/fr\/politique-de-confidentialite-et-mentions-legales\/","name":"Politique de confidentialit\u00e9 et mentions l\u00e9gales - Saint Barth Lifestyle","isPartOf":{"@id":"https:\/\/beta4.remiclavel.fr\/#website"},"datePublished":"2025-10-24T14:43:10+00:00","dateModified":"2025-10-29T15:37:56+00:00","breadcrumb":{"@id":"https:\/\/beta4.remiclavel.fr\/fr\/politique-de-confidentialite-et-mentions-legales\/#breadcrumb"},"inLanguage":"fr-FR","potentialAction":[{"@type":"ReadAction","target":["https:\/\/beta4.remiclavel.fr\/fr\/politique-de-confidentialite-et-mentions-legales\/"]}]},{"@type":"BreadcrumbList","@id":"https:\/\/beta4.remiclavel.fr\/fr\/politique-de-confidentialite-et-mentions-legales\/#breadcrumb","itemListElement":[{"@type":"ListItem","position":1,"name":"Accueil","item":"https:\/\/beta4.remiclavel.fr\/"},{"@type":"ListItem","position":2,"name":"Politique de confidentialit\u00e9 et mentions l\u00e9gales"}]},{"@type":"WebSite","@id":"https:\/\/beta4.remiclavel.fr\/#website","url":"https:\/\/beta4.remiclavel.fr\/","name":"Saint Barth Lifestyle","description":"","publisher":{"@id":"https:\/\/beta4.remiclavel.fr\/#organization"},"potentialAction":[{"@type":"SearchAction","target":{"@type":"EntryPoint","urlTemplate":"https:\/\/beta4.remiclavel.fr\/?s={search_term_string}"},"query-input":{"@type":"PropertyValueSpecification","valueRequired":true,"valueName":"search_term_string"}}],"inLanguage":"fr-FR"},{"@type":"Organization","@id":"https:\/\/beta4.remiclavel.fr\/#organization","name":"Saint Barth Lifestyle","url":"https:\/\/beta4.remiclavel.fr\/","logo":{"@type":"ImageObject","inLanguage":"fr-FR","@id":"https:\/\/beta4.remiclavel.fr\/#\/schema\/logo\/image\/","url":"https:\/\/beta4.remiclavel.fr\/wp-content\/uploads\/2025\/10\/logo-saint-barth-lifestyle.png","contentUrl":"https:\/\/beta4.remiclavel.fr\/wp-content\/uploads\/2025\/10\/logo-saint-barth-lifestyle.png","width":800,"height":198,"caption":"Saint Barth Lifestyle"},"image":{"@id":"https:\/\/beta4.remiclavel.fr\/#\/schema\/logo\/image\/"}}]}},"_links":{"self":[{"href":"https:\/\/beta4.remiclavel.fr\/fr\/wp-json\/wp\/v2\/pages\/84","targetHints":{"allow":["GET"]}}],"collection":[{"href":"https:\/\/beta4.remiclavel.fr\/fr\/wp-json\/wp\/v2\/pages"}],"about":[{"href":"https:\/\/beta4.remiclavel.fr\/fr\/wp-json\/wp\/v2\/types\/page"}],"author":[{"embeddable":true,"href":"https:\/\/beta4.remiclavel.fr\/fr\/wp-json\/wp\/v2\/users\/1"}],"replies":[{"embeddable":true,"href":"https:\/\/beta4.remiclavel.fr\/fr\/wp-json\/wp\/v2\/comments?post=84"}],"version-history":[{"count":2,"href":"https:\/\/beta4.remiclavel.fr\/fr\/wp-json\/wp\/v2\/pages\/84\/revisions"}],"predecessor-version":[{"id":529,"href":"https:\/\/beta4.remiclavel.fr\/fr\/wp-json\/wp\/v2\/pages\/84\/revisions\/529"}],"wp:attachment":[{"href":"https:\/\/beta4.remiclavel.fr\/fr\/wp-json\/wp\/v2\/media?parent=84"}],"curies":[{"name":"wp","href":"https:\/\/api.w.org\/{rel}","templated":true}]}}